{"id":3156,"date":"2026-09-01T15:54:50","date_gmt":"2026-09-01T15:54:50","guid":{"rendered":"https:\/\/altitude-immobilier.ch\/?post_type=altitude_property&#038;p=3156"},"modified":"2026-09-01T15:58:05","modified_gmt":"2026-09-01T15:58:05","slug":"a-vendre-25-pieces-en-rez-de-jardin-a-crans","status":"publish","type":"altitude_property","link":"https:\/\/altitude-immobilier.ch\/de\/biens\/a-vendre-25-pieces-en-rez-de-jardin-a-crans\/","title":{"rendered":"Brin de Mousse"},"content":{"rendered":"<p class=\"wp-block-paragraph\"><\/p>\n\n\n\n<p class=\"wp-block-paragraph\">Zu verkaufen \u2013 2,5-Zimmer-Wohnung mit Gartenanteil in Crans<\/p>\n\n\n\n<p class=\"wp-block-paragraph\"><\/p>\n\n\n\n<p class=\"wp-block-paragraph\">Diese 2,5-Zimmer-Wohnung befindet sich in der N\u00e4he des Zentrums von Crans im Erdgeschoss mit Garten in einer gr\u00fcnen Umgebung. Eine Bushaltestelle sowie Gesch\u00e4fte und Annehmlichkeiten sind nur wenige Gehminuten entfernt. Eine Lage nahe dem Zentrum und gleichzeitig umgeben von viel Gr\u00fcn.<\/p>\n\n\n\n<p class=\"wp-block-paragraph\"><\/p>\n\n\n\n<p class=\"wp-block-paragraph\"><strong>Zusammensetzung:<\/strong>&nbsp;Wohn- und Esszimmer mit Zugang zur Terrasse mit Garten, eine separate K\u00fcche, ein Schlafzimmer, ein Badezimmer mit WC und Waschbecken<\/p>\n\n\n\n<p class=\"wp-block-paragraph\"><strong>Abh\u00e4ngigkeiten:<\/strong>&nbsp;Keller, Waschk\u00fcche und gemeinschaftlicher Au\u00dfenparkplatz der Residenz<\/p>\n\n\n\n<p class=\"wp-block-paragraph\"><\/p>\n\n\n\n<p class=\"wp-block-paragraph\"><strong>Verk\u00e4uflich als Feriensitz und an Kunden, die nicht in der Schweiz domiziliert sind.<\/strong><\/p>\n\n\n\n<p class=\"wp-block-paragraph\"><\/p>\n\n\n\n<p class=\"wp-block-paragraph\"><em>Wohnfl\u00e4che ca. 47 m\u00b2<sup>2<\/sup>&nbsp;und die Fl\u00e4che der Terrasse betr\u00e4gt ca. 12 m\u00b2<sup>2<\/sup>. Verkaufsfl\u00e4che ca. 51 m\u00b2<sup>2<\/sup>.<\/em><\/p>\n\n\n\n<p class=\"wp-block-paragraph\"><strong>F\u00fcr weitere Informationen oder zur Vereinbarung eines Besichtigungstermins kontaktieren Sie uns jetzt!<\/strong><\/p>","protected":false},"excerpt":{"rendered":"<p>\u00c0 vendre \u2013 2,5 pi\u00e8ces en rez-de-jardin \u00e0 Crans Situ\u00e9 \u00e0 proximit\u00e9 du centre de Crans, cet appartement de 2,5 pi\u00e8ces se trouve en rez-de-jardin, dans un environnement entour\u00e9 de verdure. Un arr\u00eat de bus ainsi que les commerces et commodit\u00e9s se trouvent \u00e0 quelques minutes \u00e0 pied. Une situation proche du centre tout en [&hellip;]<\/p>\n","protected":false},"featured_media":0,"template":"","type_bien":[],"statut_bien":[89],"ville_bien":[],"type_transaction":[],"class_list":["post-3156","altitude_property","type-altitude_property","status-publish","hentry","statut_bien-a-vendre"],"aioseo_notices":[],"aioseo_head":"\n\t\t<!-- All in One SEO 5.0.1.1 - aioseo.com -->\n\t<meta name=\"description\" content=\"\u00c0 vendre \u2013 2,5 pi\u00e8ces en rez-de-jardin \u00e0 Crans Situ\u00e9 \u00e0 proximit\u00e9 du centre de Crans, cet appartement de 2,5 pi\u00e8ces se trouve en rez-de-jardin, dans un environnement entour\u00e9 de verdure. Un arr\u00eat de bus ainsi que les commerces et commodit\u00e9s se trouvent \u00e0 quelques minutes \u00e0 pied. Une situation proche du centre tout en\" \/>\n\t<meta name=\"robots\" content=\"max-image-preview:large\" \/>\n\t<link rel=\"canonical\" href=\"https:\/\/altitude-immobilier.ch\/de\/biens\/a-vendre-25-pieces-en-rez-de-jardin-a-crans\/\" \/>\n\t<meta name=\"generator\" content=\"All in One SEO (AIOSEO) 5.0.1.1\" \/>\n\t\t<meta property=\"og:locale\" content=\"de_DE\" \/>\n\t\t<meta property=\"og:site_name\" content=\"Altitude Immobilier - Vente, location et g\u00e9rance immobili\u00e8re \u00e0 Crans-Montana\" \/>\n\t\t<meta property=\"og:type\" content=\"article\" \/>\n\t\t<meta property=\"og:title\" content=\"Brin de Mousse - Altitude Immobilier\" \/>\n\t\t<meta property=\"og:description\" content=\"\u00c0 vendre \u2013 2,5 pi\u00e8ces en rez-de-jardin \u00e0 Crans Situ\u00e9 \u00e0 proximit\u00e9 du centre de Crans, cet appartement de 2,5 pi\u00e8ces se trouve en rez-de-jardin, dans un environnement entour\u00e9 de verdure. Un arr\u00eat de bus ainsi que les commerces et commodit\u00e9s se trouvent \u00e0 quelques minutes \u00e0 pied. Une situation proche du centre tout en\" \/>\n\t\t<meta property=\"og:url\" content=\"https:\/\/altitude-immobilier.ch\/de\/biens\/a-vendre-25-pieces-en-rez-de-jardin-a-crans\/\" \/>\n\t\t<meta property=\"og:image\" content=\"https:\/\/altitude-immobilier.ch\/wp-content\/uploads\/2026\/03\/vign_resize_webp.webp\" \/>\n\t\t<meta property=\"og:image:secure_url\" content=\"https:\/\/altitude-immobilier.ch\/wp-content\/uploads\/2026\/03\/vign_resize_webp.webp\" \/>\n\t\t<meta property=\"og:image:width\" content=\"800\" \/>\n\t\t<meta property=\"og:image:height\" content=\"600\" \/>\n\t\t<meta property=\"og:video\" content=\"https:\/\/tour.giraffe360.com\/f1963dc68f984c688962697491940c4a\" \/>\n\t\t<meta property=\"og:video:secure_url\" content=\"https:\/\/tour.giraffe360.com\/f1963dc68f984c688962697491940c4a\" \/>\n\t\t<meta property=\"article:published_time\" content=\"2026-09-01T15:54:50+00:00\" \/>\n\t\t<meta property=\"article:modified_time\" content=\"2026-09-01T15:58:05+00:00\" \/>\n\t\t<meta name=\"twitter:card\" content=\"summary_large_image\" \/>\n\t\t<meta name=\"twitter:title\" content=\"Brin de Mousse - Altitude Immobilier\" \/>\n\t\t<meta name=\"twitter:description\" content=\"\u00c0 vendre \u2013 2,5 pi\u00e8ces en rez-de-jardin \u00e0 Crans Situ\u00e9 \u00e0 proximit\u00e9 du centre de Crans, cet appartement de 2,5 pi\u00e8ces se trouve en rez-de-jardin, dans un environnement entour\u00e9 de verdure. Un arr\u00eat de bus ainsi que les commerces et commodit\u00e9s se trouvent \u00e0 quelques minutes \u00e0 pied. Une situation proche du centre tout en\" \/>\n\t\t<meta name=\"twitter:image\" content=\"https:\/\/altitude-immobilier.ch\/wp-content\/uploads\/2026\/03\/vign_resize_webp.webp\" \/>\n\t\t<script type=\"application\/ld+json\" class=\"aioseo-schema\">\n\t\t\t{\"@context\":\"https:\\\/\\\/schema.org\",\"@graph\":[{\"@type\":\"BreadcrumbList\",\"@id\":\"https:\\\/\\\/altitude-immobilier.ch\\\/de\\\/biens\\\/a-vendre-25-pieces-en-rez-de-jardin-a-crans\\\/#breadcrumblist\",\"itemListElement\":[{\"@type\":\"ListItem\",\"@id\":\"https:\\\/\\\/altitude-immobilier.ch\\\/de#listItem\",\"position\":1,\"name\":\"Home\",\"item\":\"https:\\\/\\\/altitude-immobilier.ch\\\/de\",\"nextItem\":{\"@type\":\"ListItem\",\"@id\":\"https:\\\/\\\/altitude-immobilier.ch\\\/de\\\/biens\\\/#listItem\",\"name\":\"Propri\\u00e9t\\u00e9s\"}},{\"@type\":\"ListItem\",\"@id\":\"https:\\\/\\\/altitude-immobilier.ch\\\/de\\\/biens\\\/#listItem\",\"position\":2,\"name\":\"Propri\\u00e9t\\u00e9s\",\"item\":\"https:\\\/\\\/altitude-immobilier.ch\\\/de\\\/biens\\\/\",\"nextItem\":{\"@type\":\"ListItem\",\"@id\":\"https:\\\/\\\/altitude-immobilier.ch\\\/de\\\/statut\\\/a-vendre\\\/#listItem\",\"name\":\"\\u00c0 vendre\"},\"previousItem\":{\"@type\":\"ListItem\",\"@id\":\"https:\\\/\\\/altitude-immobilier.ch\\\/de#listItem\",\"name\":\"Home\"}},{\"@type\":\"ListItem\",\"@id\":\"https:\\\/\\\/altitude-immobilier.ch\\\/de\\\/statut\\\/a-vendre\\\/#listItem\",\"position\":3,\"name\":\"\\u00c0 vendre\",\"item\":\"https:\\\/\\\/altitude-immobilier.ch\\\/de\\\/statut\\\/a-vendre\\\/\",\"nextItem\":{\"@type\":\"ListItem\",\"@id\":\"https:\\\/\\\/altitude-immobilier.ch\\\/de\\\/biens\\\/a-vendre-25-pieces-en-rez-de-jardin-a-crans\\\/#listItem\",\"name\":\"Brin de Mousse\"},\"previousItem\":{\"@type\":\"ListItem\",\"@id\":\"https:\\\/\\\/altitude-immobilier.ch\\\/de\\\/biens\\\/#listItem\",\"name\":\"Propri\\u00e9t\\u00e9s\"}},{\"@type\":\"ListItem\",\"@id\":\"https:\\\/\\\/altitude-immobilier.ch\\\/de\\\/biens\\\/a-vendre-25-pieces-en-rez-de-jardin-a-crans\\\/#listItem\",\"position\":4,\"name\":\"Brin de Mousse\",\"previousItem\":{\"@type\":\"ListItem\",\"@id\":\"https:\\\/\\\/altitude-immobilier.ch\\\/de\\\/statut\\\/a-vendre\\\/#listItem\",\"name\":\"\\u00c0 vendre\"}}]},{\"@type\":\"Organization\",\"@id\":\"https:\\\/\\\/altitude-immobilier.ch\\\/de\\\/#organization\",\"name\":\"Altitude Immobilier\",\"description\":\"Vente, location et g\\u00e9rance immobili\\u00e8re \\u00e0 Crans-Montana\",\"url\":\"https:\\\/\\\/altitude-immobilier.ch\\\/de\\\/\",\"logo\":{\"@type\":\"ImageObject\",\"url\":\"https:\\\/\\\/altitude-immobilier.ch\\\/wp-content\\\/uploads\\\/2026\\\/03\\\/vign_resize_webp.webp\",\"@id\":\"https:\\\/\\\/altitude-immobilier.ch\\\/de\\\/biens\\\/a-vendre-25-pieces-en-rez-de-jardin-a-crans\\\/#organizationLogo\",\"width\":800,\"height\":600},\"image\":{\"@id\":\"https:\\\/\\\/altitude-immobilier.ch\\\/de\\\/biens\\\/a-vendre-25-pieces-en-rez-de-jardin-a-crans\\\/#organizationLogo\"}},{\"@type\":\"WebPage\",\"@id\":\"https:\\\/\\\/altitude-immobilier.ch\\\/de\\\/biens\\\/a-vendre-25-pieces-en-rez-de-jardin-a-crans\\\/#webpage\",\"url\":\"https:\\\/\\\/altitude-immobilier.ch\\\/de\\\/biens\\\/a-vendre-25-pieces-en-rez-de-jardin-a-crans\\\/\",\"name\":\"Brin de Mousse - Altitude Immobilier\",\"description\":\"\\u00c0 vendre \\u2013 2,5 pi\\u00e8ces en rez-de-jardin \\u00e0 Crans Situ\\u00e9 \\u00e0 proximit\\u00e9 du centre de Crans, cet appartement de 2,5 pi\\u00e8ces se trouve en rez-de-jardin, dans un environnement entour\\u00e9 de verdure. Un arr\\u00eat de bus ainsi que les commerces et commodit\\u00e9s se trouvent \\u00e0 quelques minutes \\u00e0 pied. Une situation proche du centre tout en\",\"inLanguage\":\"de-DE\",\"isPartOf\":{\"@id\":\"https:\\\/\\\/altitude-immobilier.ch\\\/de\\\/#website\"},\"breadcrumb\":{\"@id\":\"https:\\\/\\\/altitude-immobilier.ch\\\/de\\\/biens\\\/a-vendre-25-pieces-en-rez-de-jardin-a-crans\\\/#breadcrumblist\"},\"datePublished\":\"2026-09-01T15:54:50+00:00\",\"dateModified\":\"2026-09-01T15:58:05+00:00\"},{\"@type\":\"WebSite\",\"@id\":\"https:\\\/\\\/altitude-immobilier.ch\\\/de\\\/#website\",\"url\":\"https:\\\/\\\/altitude-immobilier.ch\\\/de\\\/\",\"name\":\"Altitude Immobilier\",\"description\":\"Vente, location et g\\u00e9rance immobili\\u00e8re \\u00e0 Crans-Montana\",\"inLanguage\":\"de-DE\",\"publisher\":{\"@id\":\"https:\\\/\\\/altitude-immobilier.ch\\\/de\\\/#organization\"}}]}\n\t\t<\/script>\n\t\t<!-- All in One SEO -->\n\n","aioseo_head_json":{"title":"Brin de Mousse - Altitude Immobilier","description":"\u00c0 vendre \u2013 2,5 pi\u00e8ces en rez-de-jardin \u00e0 Crans Situ\u00e9 \u00e0 proximit\u00e9 du centre de Crans, cet appartement de 2,5 pi\u00e8ces se trouve en rez-de-jardin, dans un environnement entour\u00e9 de verdure. Un arr\u00eat de bus ainsi que les commerces et commodit\u00e9s se trouvent \u00e0 quelques minutes \u00e0 pied. Une situation proche du centre tout en","canonical_url":"https:\/\/altitude-immobilier.ch\/de\/biens\/a-vendre-25-pieces-en-rez-de-jardin-a-crans\/","robots":"max-image-preview:large","keywords":"","webmasterTools":{"miscellaneous":""},"schema":{"@context":"https:\/\/schema.org","@graph":[{"@type":"BreadcrumbList","@id":"https:\/\/altitude-immobilier.ch\/de\/biens\/a-vendre-25-pieces-en-rez-de-jardin-a-crans\/#breadcrumblist","itemListElement":[{"@type":"ListItem","@id":"https:\/\/altitude-immobilier.ch\/de#listItem","position":1,"name":"Home","item":"https:\/\/altitude-immobilier.ch\/de","nextItem":{"@type":"ListItem","@id":"https:\/\/altitude-immobilier.ch\/de\/biens\/#listItem","name":"Propri\u00e9t\u00e9s"}},{"@type":"ListItem","@id":"https:\/\/altitude-immobilier.ch\/de\/biens\/#listItem","position":2,"name":"Propri\u00e9t\u00e9s","item":"https:\/\/altitude-immobilier.ch\/de\/biens\/","nextItem":{"@type":"ListItem","@id":"https:\/\/altitude-immobilier.ch\/de\/statut\/a-vendre\/#listItem","name":"\u00c0 vendre"},"previousItem":{"@type":"ListItem","@id":"https:\/\/altitude-immobilier.ch\/de#listItem","name":"Home"}},{"@type":"ListItem","@id":"https:\/\/altitude-immobilier.ch\/de\/statut\/a-vendre\/#listItem","position":3,"name":"\u00c0 vendre","item":"https:\/\/altitude-immobilier.ch\/de\/statut\/a-vendre\/","nextItem":{"@type":"ListItem","@id":"https:\/\/altitude-immobilier.ch\/de\/biens\/a-vendre-25-pieces-en-rez-de-jardin-a-crans\/#listItem","name":"Brin de Mousse"},"previousItem":{"@type":"ListItem","@id":"https:\/\/altitude-immobilier.ch\/de\/biens\/#listItem","name":"Propri\u00e9t\u00e9s"}},{"@type":"ListItem","@id":"https:\/\/altitude-immobilier.ch\/de\/biens\/a-vendre-25-pieces-en-rez-de-jardin-a-crans\/#listItem","position":4,"name":"Brin de Mousse","previousItem":{"@type":"ListItem","@id":"https:\/\/altitude-immobilier.ch\/de\/statut\/a-vendre\/#listItem","name":"\u00c0 vendre"}}]},{"@type":"Organization","@id":"https:\/\/altitude-immobilier.ch\/de\/#organization","name":"Altitude Immobilier","description":"Vente, location et g\u00e9rance immobili\u00e8re \u00e0 Crans-Montana","url":"https:\/\/altitude-immobilier.ch\/de\/","logo":{"@type":"ImageObject","url":"https:\/\/altitude-immobilier.ch\/wp-content\/uploads\/2026\/03\/vign_resize_webp.webp","@id":"https:\/\/altitude-immobilier.ch\/de\/biens\/a-vendre-25-pieces-en-rez-de-jardin-a-crans\/#organizationLogo","width":800,"height":600},"image":{"@id":"https:\/\/altitude-immobilier.ch\/de\/biens\/a-vendre-25-pieces-en-rez-de-jardin-a-crans\/#organizationLogo"}},{"@type":"WebPage","@id":"https:\/\/altitude-immobilier.ch\/de\/biens\/a-vendre-25-pieces-en-rez-de-jardin-a-crans\/#webpage","url":"https:\/\/altitude-immobilier.ch\/de\/biens\/a-vendre-25-pieces-en-rez-de-jardin-a-crans\/","name":"Brin de Mousse - Altitude Immobilier","description":"\u00c0 vendre \u2013 2,5 pi\u00e8ces en rez-de-jardin \u00e0 Crans Situ\u00e9 \u00e0 proximit\u00e9 du centre de Crans, cet appartement de 2,5 pi\u00e8ces se trouve en rez-de-jardin, dans un environnement entour\u00e9 de verdure. Un arr\u00eat de bus ainsi que les commerces et commodit\u00e9s se trouvent \u00e0 quelques minutes \u00e0 pied. Une situation proche du centre tout en","inLanguage":"de-DE","isPartOf":{"@id":"https:\/\/altitude-immobilier.ch\/de\/#website"},"breadcrumb":{"@id":"https:\/\/altitude-immobilier.ch\/de\/biens\/a-vendre-25-pieces-en-rez-de-jardin-a-crans\/#breadcrumblist"},"datePublished":"2026-09-01T15:54:50+00:00","dateModified":"2026-09-01T15:58:05+00:00"},{"@type":"WebSite","@id":"https:\/\/altitude-immobilier.ch\/de\/#website","url":"https:\/\/altitude-immobilier.ch\/de\/","name":"Altitude Immobilier","description":"Vente, location et g\u00e9rance immobili\u00e8re \u00e0 Crans-Montana","inLanguage":"de-DE","publisher":{"@id":"https:\/\/altitude-immobilier.ch\/de\/#organization"}}]},"og:locale":"de_DE","og:site_name":"Altitude Immobilier - Vente, location et g\u00e9rance immobili\u00e8re \u00e0 Crans-Montana","og:type":"article","og:title":"Brin de Mousse - Altitude Immobilier","og:description":"\u00c0 vendre \u2013 2,5 pi\u00e8ces en rez-de-jardin \u00e0 Crans Situ\u00e9 \u00e0 proximit\u00e9 du centre de Crans, cet appartement de 2,5 pi\u00e8ces se trouve en rez-de-jardin, dans un environnement entour\u00e9 de verdure. Un arr\u00eat de bus ainsi que les commerces et commodit\u00e9s se trouvent \u00e0 quelques minutes \u00e0 pied. Une situation proche du centre tout en","og:url":"https:\/\/altitude-immobilier.ch\/de\/biens\/a-vendre-25-pieces-en-rez-de-jardin-a-crans\/","og:image":"https:\/\/altitude-immobilier.ch\/wp-content\/uploads\/2026\/03\/vign_resize_webp.webp","og:image:secure_url":"https:\/\/altitude-immobilier.ch\/wp-content\/uploads\/2026\/03\/vign_resize_webp.webp","og:image:width":800,"og:image:height":600,"og:video":"https:\/\/tour.giraffe360.com\/f1963dc68f984c688962697491940c4a","og:video:secure_url":"https:\/\/tour.giraffe360.com\/f1963dc68f984c688962697491940c4a","article:published_time":"2026-09-01T15:54:50+00:00","article:modified_time":"2026-09-01T15:58:05+00:00","twitter:card":"summary_large_image","twitter:title":"Brin de Mousse - Altitude Immobilier","twitter:description":"\u00c0 vendre \u2013 2,5 pi\u00e8ces en rez-de-jardin \u00e0 Crans Situ\u00e9 \u00e0 proximit\u00e9 du centre de Crans, cet appartement de 2,5 pi\u00e8ces se trouve en rez-de-jardin, dans un environnement entour\u00e9 de verdure. Un arr\u00eat de bus ainsi que les commerces et commodit\u00e9s se trouvent \u00e0 quelques minutes \u00e0 pied. Une situation proche du centre tout en","twitter:image":"https:\/\/altitude-immobilier.ch\/wp-content\/uploads\/2026\/03\/vign_resize_webp.webp"},"aioseo_meta_data":{"post_id":"3156","title":null,"description":null,"keywords":null,"keyphrases":{"focus":{"keyphrase":"","score":0,"analysis":{"keyphraseInTitle":{"score":0,"maxScore":9,"error":1}}},"additional":[]},"primary_term":null,"canonical_url":null,"og_title":null,"og_description":null,"og_object_type":"default","og_image_type":"default","og_image_custom_url":null,"og_image_custom_fields":null,"og_image_url":null,"og_image_width":null,"og_image_height":null,"og_video":"https:\/\/tour.giraffe360.com\/f1963dc68f984c688962697491940c4a","og_custom_url":null,"og_article_section":null,"og_article_tags":null,"twitter_use_og":true,"twitter_card":"default","twitter_image_type":"default","twitter_image_custom_url":null,"twitter_image_custom_fields":null,"twitter_image_url":null,"twitter_title":null,"twitter_description":null,"schema_type":"default","schema_type_options":null,"schema":{"blockGraphs":[],"customGraphs":[],"default":{"data":{"Article":[],"Course":[],"Dataset":[],"FAQPage":[],"Movie":[],"Person":[],"Product":[],"ProductReview":[],"Car":[],"Recipe":[],"Service":[],"SoftwareApplication":[],"WebPage":[]},"graphName":"WebPage","isEnabled":true},"graphs":[]},"pillar_content":false,"robots_default":true,"robots_noindex":false,"robots_noarchive":false,"robots_nosnippet":false,"robots_nofollow":false,"robots_noimageindex":false,"robots_noodp":false,"robots_notranslate":false,"robots_max_snippet":"-1","robots_max_videopreview":"-1","robots_max_imagepreview":"large","priority":null,"frequency":"default","local_seo":null,"limit_modified_date":false,"ai":{"faqs":[],"keyPoints":[],"schemas":[],"titles":[],"descriptions":[],"socialPosts":{"email":{"subject":"","preview":"","content":""},"linkedin":[],"twitter":[],"facebook":[],"instagram":[]}},"breadcrumb_settings":null,"seo_analyzer_scan_date":null,"created":"2026-09-01 15:51:06","updated":"2026-09-01 16:01:56","focus_keyword":null,"additional_keywords":null,"truseo_locale":null},"aioseo_breadcrumb":"<div class=\"aioseo-breadcrumbs\"><span class=\"aioseo-breadcrumb\">\n\t\t\t<a href=\"https:\/\/altitude-immobilier.ch\/de\" title=\"Home\">Home<\/a>\n\t\t<\/span><span class=\"aioseo-breadcrumb-separator\">&raquo;<\/span><span class=\"aioseo-breadcrumb\">\n\t\t\t<a href=\"https:\/\/altitude-immobilier.ch\/de\/biens\/\" title=\"Propri\u00e9t\u00e9s\">Propri\u00e9t\u00e9s<\/a>\n\t\t<\/span><span class=\"aioseo-breadcrumb-separator\">&raquo;<\/span><span class=\"aioseo-breadcrumb\">\n\t\t\t<a href=\"https:\/\/altitude-immobilier.ch\/de\/statut\/a-vendre\/\" title=\"\u00c0 vendre\">\u00c0 vendre<\/a>\n\t\t<\/span><span class=\"aioseo-breadcrumb-separator\">&raquo;<\/span><span class=\"aioseo-breadcrumb\">\n\t\t\tBrin de Mousse\n\t\t<\/span><\/div>","aioseo_breadcrumb_json":[{"label":"Home","link":"https:\/\/altitude-immobilier.ch\/de"},{"label":"Propri\u00e9t\u00e9s","link":"https:\/\/altitude-immobilier.ch\/de\/biens\/"},{"label":"\u00c0 vendre","link":"https:\/\/altitude-immobilier.ch\/de\/statut\/a-vendre\/"},{"label":"Brin de Mousse","link":"https:\/\/altitude-immobilier.ch\/de\/biens\/a-vendre-25-pieces-en-rez-de-jardin-a-crans\/"}],"_links":{"self":[{"href":"https:\/\/altitude-immobilier.ch\/de\/wp-json\/wp\/v2\/altitude_property\/3156","targetHints":{"allow":["GET"]}}],"collection":[{"href":"https:\/\/altitude-immobilier.ch\/de\/wp-json\/wp\/v2\/altitude_property"}],"about":[{"href":"https:\/\/altitude-immobilier.ch\/de\/wp-json\/wp\/v2\/types\/altitude_property"}],"version-history":[{"count":2,"href":"https:\/\/altitude-immobilier.ch\/de\/wp-json\/wp\/v2\/altitude_property\/3156\/revisions"}],"predecessor-version":[{"id":3169,"href":"https:\/\/altitude-immobilier.ch\/de\/wp-json\/wp\/v2\/altitude_property\/3156\/revisions\/3169"}],"wp:attachment":[{"href":"https:\/\/altitude-immobilier.ch\/de\/wp-json\/wp\/v2\/media?parent=3156"}],"wp:term":[{"taxonomy":"type_bien","embeddable":true,"href":"https:\/\/altitude-immobilier.ch\/de\/wp-json\/wp\/v2\/type_bien?post=3156"},{"taxonomy":"statut_bien","embeddable":true,"href":"https:\/\/altitude-immobilier.ch\/de\/wp-json\/wp\/v2\/statut_bien?post=3156"},{"taxonomy":"ville_bien","embeddable":true,"href":"https:\/\/altitude-immobilier.ch\/de\/wp-json\/wp\/v2\/ville_bien?post=3156"},{"taxonomy":"type_transaction","embeddable":true,"href":"https:\/\/altitude-immobilier.ch\/de\/wp-json\/wp\/v2\/type_transaction?post=3156"}],"curies":[{"name":"wp","href":"https:\/\/api.w.org\/{rel}","templated":true}]}}